{"id":33595,"date":"2022-02-14T10:11:59","date_gmt":"2022-02-14T09:11:59","guid":{"rendered":"https:\/\/dev.linslerhof.de\/mondes-dexperience\/nos-evenements\/"},"modified":"2026-03-25T11:53:39","modified_gmt":"2026-03-25T10:53:39","slug":"nos-evenements","status":"publish","type":"page","link":"https:\/\/www.linslerhof.de\/fr\/mondes-dexperience\/nos-evenements\/","title":{"rendered":"Nos \u00e9v\u00e9nements"},"content":{"rendered":"<section class=\"l-section wpb_row us_custom_8d4f5dab height_medium\"><div class=\"l-section-h i-cf\"><div class=\"g-cols vc_row via_flex valign_top type_boxes stacking_default\"><div class=\"vc_col-sm-12 wpb_column vc_column_container fs-page-header-area fs-landscape has_bg_color\"><div class=\"vc_column-inner us_custom_34480ee4\"><div class=\"wpb_wrapper\"><\/div><\/div><\/div><\/div><\/div><\/section><section class=\"l-section wpb_row us_custom_3fcb7a80 fs-title-row height_medium\"><div class=\"l-section-h i-cf\"><div class=\"g-cols vc_row via_flex valign_top type_boxes stacking_default\"><div class=\"vc_col-sm-12 wpb_column vc_column_container\"><div class=\"vc_column-inner us_custom_5af77061\"><div class=\"wpb_wrapper\"><div class=\"g-cols wpb_row us_custom_d284e8a7 fs-inner-area via_flex valign_top type_default stacking_default\"><div class=\"vc_col-sm-12 wpb_column vc_column_container\"><div class=\"vc_column-inner us_custom_e645dbf4\"><div class=\"wpb_wrapper\">[vc_custom_heading text=\u00a0\u00bb<strong>Manifestations <\/strong> au Linslerhof\u00a0\u00bb font_container=\u00a0\u00bbtag:h1|text_align:center\u00a0\u00bb use_theme_fonts=\u00a0\u00bbyes\u00a0\u00bb css=\u00a0\u00bb%7B%22default%22%3A%7B%22font-size%22%3A%2245px%22%2C%22line-height%22%3A%221.1em%22%7D%7D\u00a0\u00bb]<\/div><\/div><\/div><\/div><\/div><\/div><\/div><\/div><\/div><\/section><section class=\"l-section wpb_row us_custom_0d143dfa height_medium\"><div class=\"l-section-h i-cf\"><div class=\"g-cols vc_row via_flex valign_middle type_boxes stacking_default\" style=\"--additional-gap:10px;\"><div class=\"vc_col-sm-6 wpb_column vc_column_container has_bg_color\"><div class=\"vc_column-inner us_custom_94501421\"><div class=\"wpb_wrapper\">[vc_custom_heading text=\u00a0\u00bb<strong>\u00c9v\u00e9nements gourmands<\/strong>\u00a0\u00bb use_theme_fonts=\u00a0\u00bbyes\u00a0\u00bb]<div class=\"wpb_text_column us_custom_50cc7d67\"><div class=\"wpb_wrapper\"><h3 style=\"text-align: left;\">Se r\u00e9galer au Linslerhof<\/h3>\n<p style=\"text-align: left;\">Venez nous rendre visite lors de nos multiples <a href=\"https:\/\/www.linslerhof.de\/fr\/restaurant-en-sarre\/evenements-plaisir\/\"><strong>\u00c9v\u00e9nements gourmands<\/strong><\/a>! Abonnez-vous \u00e0 notre <a href=\"https:\/\/www.linslerhof.de\/fr\/contact\/bulletin-dinformation\/\"><strong>Newsletter<\/strong><\/a> pour ne manquer aucun rendez-vous !<\/p>\n<p><a href=\"https:\/\/www.linslerhof.de\/fr\/linslerhof\/calendrier-des-manifestations\/\"><span style=\"color: #d74808;\"><strong>&gt;&gt;  VERS LE CALENDRIER DES \u00c9V\u00c9NEMENTS<\/strong><\/span><\/a><\/p>\n<\/div><\/div><\/div><\/div><\/div><div class=\"vc_col-sm-6 wpb_column vc_column_container  has_bg_color\"><div class=\"vc_column-inner us_custom_48420124 us_animate_this\"><div class=\"wpb_wrapper\"><\/div><\/div><\/div><\/div><\/div><\/section><section class=\"l-section wpb_row us_custom_1abdb309 height_medium\"><div class=\"l-section-h i-cf\"><div class=\"g-cols vc_row via_flex valign_middle type_boxes stacking_default\" style=\"--additional-gap:5px;\"><div class=\"vc_col-sm-6 wpb_column vc_column_container  has_bg_color\"><div class=\"vc_column-inner us_custom_07d8c7b6 us_animate_this\"><div class=\"wpb_wrapper\"><\/div><\/div><\/div><div class=\"vc_col-sm-6 wpb_column vc_column_container has_bg_color\"><div class=\"vc_column-inner us_custom_94501421\"><div class=\"wpb_wrapper\">[vc_custom_heading text=\u00a0\u00bb<strong>  18. &amp; 19 avril  <\/strong>\u00a0\u00bb font_container=\u00a0\u00bbtag:h2|text_align:center\u00a0\u00bb use_theme_fonts=\u00a0\u00bbyes\u00a0\u00bb css=\u00a0\u00bb%7B%22default%22%3A%7B%22margin-bottom%22%3A%2210px%22%7D%7D\u00a0\u00bb]<div class=\"wpb_text_column us_custom_50cc7d67\"><div class=\"wpb_wrapper\"><h3 style=\"text-align: left;\">Festival de street food au Linslerhof<\/h3>\n<p>Savourez la street food locale dans l&rsquo;ambiance d\u00e9contract\u00e9e du festival !<\/p>\n<\/div><\/div><div class=\" vc_custom_1770930325179 ubtn-ctn-center \"><a class=\"ubtn-link ult-adjust-bottom-margin ubtn-center ubtn-normal \" href=\"https:\/\/www.linslerhof.de\/events\/streetfood-festival\/\" title=\"streetfood\" ><button type=\"button\" id=\"ubtn-8301\"  class=\"ubtn ult-adjust-bottom-margin ult-responsive ubtn-normal ubtn-no-hover-bg  ulta-push  ubtn-center   tooltip-69f5b05057a3e\"  data-hover=\"\" data-border-color=\"\" data-bg=\"#ea5b0b\" data-hover-bg=\"\" data-border-hover=\"\" data-shadow-hover=\"\" data-shadow-click=\"none\" data-shadow=\"\" data-shd-shadow=\"\"  data-ultimate-target='#ubtn-8301'  data-responsive-json-new='{\"font-size\":\"desktop:20px;\",\"line-height\":\"desktop:18px;\"}'  style=\"font-family:&#039;Open Sans Condensed&#039;;font-weight:normal;font-style:normal;border:none;background: #ea5b0b;color: #ffffff;\"><span class=\"ubtn-hover\" style=\"background-color:\"><\/span><span class=\"ubtn-data ubtn-text \" >Plus d&#039;infos<\/span><\/button><\/a><\/div><\/div><\/div><\/div><\/div><\/div><\/section><section class=\"l-section wpb_row us_custom_1abdb309 height_medium\"><div class=\"l-section-h i-cf\"><div class=\"g-cols vc_row via_flex valign_top type_boxes stacking_default\" style=\"--additional-gap:5px;\"><div class=\"vc_col-sm-6 wpb_column vc_column_container has_bg_color\"><div class=\"vc_column-inner us_custom_f20fb9f7\"><div class=\"wpb_wrapper\">[vc_custom_heading text=\u00a0\u00bb<strong>14 au 17 mai 2026<\/strong>\u00a0\u00bb use_theme_fonts=\u00a0\u00bbyes\u00a0\u00bb]<div class=\"wpb_text_column us_custom_50cc7d67\"><div class=\"wpb_wrapper\"><h3 style=\"text-align: left;\">R\u00eaves de jardin au Linslerhof<\/h3>\n<p>D\u00e9couvrez les derni\u00e8res nouveaut\u00e9s, les plantes et les bulbes, les id\u00e9es d&rsquo;am\u00e9nagement et de d\u00e9coration originales, la technique et le mobilier d&rsquo;ext\u00e9rieur, les conseils de professionnels du jardinage, les outils utiles et bien plus encore.<br \/>\n<a href=\"https:\/\/www.gartentraeume.com\/messen\/termine\/ueberherrn\"><strong>&gt;&gt;  Informations &amp; billets<\/strong><\/a><\/p>\n<\/div><\/div><div class=\"wpb_text_column us_custom_4fd89a8b\"><div class=\"wpb_wrapper\"><h3><strong>Offre d&rsquo;h\u00e9bergement<\/strong><\/h3>\n<p style=\"text-align: left;\">Votre court s\u00e9jour \u00e0 la foire du jardinage en mai 2026 avec un d\u00e9licieux menu.<\/p>\n<\/div><\/div><div class=\" vc_custom_1751286107440 ubtn-ctn-left \"><a class=\"ubtn-link ult-adjust-bottom-margin ubtn-left ubtn-normal \" href=\"https:\/\/reservation.one.dirs21.de\/linslerhof\/result?package_id=145560\" title=\"Gartentr\u00e4ume Angebot\" ><button type=\"button\" id=\"ubtn-4289\"  class=\"ubtn ult-adjust-bottom-margin ult-responsive ubtn-normal ubtn-no-hover-bg  ulta-push  ubtn-left   tooltip-69f5b05057f0f\"  data-hover=\"\" data-border-color=\"\" data-bg=\"#ea5b0b\" data-hover-bg=\"\" data-border-hover=\"\" data-shadow-hover=\"\" data-shadow-click=\"none\" data-shadow=\"\" data-shd-shadow=\"\"  data-ultimate-target='#ubtn-4289'  data-responsive-json-new='{\"font-size\":\"desktop:20px;\",\"line-height\":\"desktop:18px;\"}'  style=\"font-family:&#039;Open Sans Condensed&#039;;font-weight:normal;font-style:normal;border:none;background: #ea5b0b;color: #ffffff;\"><span class=\"ubtn-hover\" style=\"background-color:\"><\/span><span class=\"ubtn-data ubtn-text \" >INFOS &amp; R\u00c9SERVATION<\/span><\/button><\/a><\/div><\/div><\/div><\/div><div class=\"vc_col-sm-6 wpb_column vc_column_container has_bg_color\"><div class=\"vc_column-inner us_custom_f20fb9f7\"><div class=\"wpb_wrapper\"><div class=\"w-image align_center\"><a href=\"https:\/\/www.gartentraeume.com\/messen\/termine\/ueberherrn\" aria-label=\"Rote Bl\u00fcten in Nahaufnahme\" class=\"w-image-h\"><img decoding=\"async\" width=\"600\" height=\"354\" src=\"https:\/\/www.linslerhof.de\/wp-content\/uploads\/2025\/06\/gartenmesse.jpg\" class=\"attachment-large size-large\" alt=\"Rote Bl\u00fcten in Nahaufnahme\" loading=\"lazy\" srcset=\"https:\/\/www.linslerhof.de\/wp-content\/uploads\/2025\/06\/gartenmesse.jpg 600w, https:\/\/www.linslerhof.de\/wp-content\/uploads\/2025\/06\/gartenmesse-300x177.jpg 300w\" sizes=\"auto, (max-width: 600px) 100vw, 600px\" \/><\/a><\/div><\/div><\/div><\/div><\/div><\/div><\/section><section class=\"l-section wpb_row us_custom_1abdb309 height_medium\"><div class=\"l-section-h i-cf\"><div class=\"g-cols vc_row via_flex valign_middle type_boxes stacking_default\" style=\"--additional-gap:5px;\"><div class=\"vc_col-sm-6 wpb_column vc_column_container  has_bg_color\"><div class=\"vc_column-inner us_custom_7a5d0eae us_animate_this\"><div class=\"wpb_wrapper\"><\/div><\/div><\/div><div class=\"vc_col-sm-6 wpb_column vc_column_container has_bg_color\"><div class=\"vc_column-inner us_custom_94501421\"><div class=\"wpb_wrapper\">[vc_custom_heading text=\u00a0\u00bb<strong>  31 mai  <\/strong>\u00a0\u00bb font_container=\u00a0\u00bbtag:h2|text_align:center\u00a0\u00bb use_theme_fonts=\u00a0\u00bbyes\u00a0\u00bb css=\u00a0\u00bb%7B%22default%22%3A%7B%22margin-bottom%22%3A%2210px%22%7D%7D\u00a0\u00bb]<div class=\"wpb_text_column us_custom_50cc7d67\"><div class=\"wpb_wrapper\"><h3 style=\"text-align: left;\">Journ\u00e9e Linsler<\/h3>\n<p style=\"text-align: left;\"><span>D\u00e9licieux d\u00e9jeuner-buffet<br \/>\nB\u00e9n\u00e9diction traditionnelle des animaux \u00e0 la chapelle Saint-Antoine.<\/span><br \/>\n<span>Ensuite, petite carte dans la Linslerstube avec caf\u00e9, g\u00e2teaux &amp; petits plats sal\u00e9s<\/span><\/p>\n<\/div><\/div><\/div><\/div><\/div><\/div><\/div><\/section><section class=\"l-section wpb_row us_custom_1abdb309 height_medium\"><div class=\"l-section-h i-cf\"><div class=\"g-cols vc_row via_flex valign_middle type_boxes stacking_default\" style=\"--additional-gap:5px;\"><div class=\"vc_col-sm-6 wpb_column vc_column_container has_bg_color\"><div class=\"vc_column-inner us_custom_94501421\"><div class=\"wpb_wrapper\">[vc_custom_heading text=\u00a0\u00bb<strong>  Nouvel An 2026\/27  <\/strong>\u00a0\u00bb font_container=\u00a0\u00bbtag:h2|text_align:center\u00a0\u00bb use_theme_fonts=\u00a0\u00bbyes\u00a0\u00bb css=\u00a0\u00bb%7B%22default%22%3A%7B%22margin-bottom%22%3A%2210px%22%7D%7D\u00a0\u00bb]<div class=\"wpb_text_column us_custom_50cc7d67\"><div class=\"wpb_wrapper\"><h3 style=\"text-align: left;\">D\u00eener de gala, musique et danse<\/h3>\n<p style=\"text-align: left;\">C\u00e9l\u00e9brez la nouvelle ann\u00e9e dans l&rsquo;ambiance du Linslerhof historique. Nous proposons un menu de gala \u00e0 5 plats et des offres d&rsquo;h\u00e9bergement sont \u00e9galement disponibles.<\/p>\n<\/div><\/div><div class=\" vc_custom_1770929825656 ubtn-ctn-center \"><a class=\"ubtn-link ult-adjust-bottom-margin ubtn-center ubtn-normal \" href=\"https:\/\/www.linslerhof.de\/angebote\/silvester-2026\/\" title=\"Silvester 2026\/27\" ><button type=\"button\" id=\"ubtn-7822\"  class=\"ubtn ult-adjust-bottom-margin ult-responsive ubtn-normal ubtn-no-hover-bg  ulta-push  ubtn-center   tooltip-69f5b05058cf4\"  data-hover=\"\" data-border-color=\"\" data-bg=\"#ea5b0b\" data-hover-bg=\"\" data-border-hover=\"\" data-shadow-hover=\"\" data-shadow-click=\"none\" data-shadow=\"\" data-shd-shadow=\"\"  data-ultimate-target='#ubtn-7822'  data-responsive-json-new='{\"font-size\":\"desktop:20px;\",\"line-height\":\"desktop:18px;\"}'  style=\"font-family:&#039;Open Sans Condensed&#039;;font-weight:normal;font-style:normal;border:none;background: #ea5b0b;color: #ffffff;\"><span class=\"ubtn-hover\" style=\"background-color:\"><\/span><span class=\"ubtn-data ubtn-text \" >VERS L&#039;OFFRE<\/span><\/button><\/a><\/div><\/div><\/div><\/div><div class=\"vc_col-sm-6 wpb_column vc_column_container  has_bg_color\"><div class=\"vc_column-inner us_custom_23b39501 us_animate_this\"><div class=\"wpb_wrapper\"><\/div><\/div><\/div><\/div><\/div><\/section>\n","protected":false},"excerpt":{"rendered":"[vc_custom_heading text=\"Manifestations au Linslerhof\" font_container=\"tag:h1|text_align:center\" use_theme_fonts=\"yes\" css=\"%7B%22default%22%3A%7B%22font-size%22%3A%2245px%22%2C%22line-height%22%3A%221.1em%22%7D%7D\"][vc_custom_heading text=\"\u00c9v\u00e9nements gourmands\" use_theme_fonts=\"yes\"]Se r\u00e9galer au Linslerhof Venez nous rendre visite lors de nos multiples \u00c9v\u00e9nements gourmands! Abonnez-vous \u00e0 notre Newsletter pour ne manquer aucun rendez-vous ! &gt;&gt; VERS LE CALENDRIER DES \u00c9V\u00c9NEMENTS [vc_custom_heading text=\" 18. &amp; 19 avril \" font_container=\"tag:h2|text_align:center\" use_theme_fonts=\"yes\" css=\"%7B%22default%22%3A%7B%22margin-bottom%22%3A%2210px%22%7D%7D\"]Festival de street food au Linslerhof Savourez...","protected":false},"author":3,"featured_media":0,"parent":33328,"menu_order":13,"comment_status":"closed","ping_status":"closed","template":"","meta":{"footnotes":""},"class_list":["post-33595","page","type-page","status-publish","hentry"],"yoast_head":"<!-- This site is optimized with the Yoast SEO plugin v27.5 - https:\/\/yoast.com\/product\/yoast-seo-wordpress\/ -->\n<title>Manifestations au Linslerhof %%page% | Linslerhof<\/title>\n<meta name=\"description\" content=\"Vivez des \u00e9v\u00e9nements vari\u00e9s au Linslerhof ! Des d\u00eeners magiques, les r\u00eaves de jardin ou les journ\u00e9es ADAC Oldtimer vous attendent !\" \/>\n<meta name=\"robots\" content=\"index, follow, max-snippet:-1, max-image-preview:large, max-video-preview:-1\" \/>\n<link rel=\"canonical\" href=\"https:\/\/www.linslerhof.de\/fr\/mondes-dexperience\/nos-evenements\/\" \/>\n<meta property=\"og:locale\" content=\"fr_FR\" \/>\n<meta property=\"og:type\" content=\"article\" \/>\n<meta property=\"og:title\" content=\"Manifestations au Linslerhof %%page% | Linslerhof\" \/>\n<meta property=\"og:description\" content=\"Vivez des \u00e9v\u00e9nements vari\u00e9s au Linslerhof ! Des d\u00eeners magiques, les r\u00eaves de jardin ou les journ\u00e9es ADAC Oldtimer vous attendent !\" \/>\n<meta property=\"og:url\" content=\"https:\/\/www.linslerhof.de\/fr\/mondes-dexperience\/nos-evenements\/\" \/>\n<meta property=\"og:site_name\" content=\"Linslerhof\" \/>\n<meta property=\"article:publisher\" content=\"https:\/\/www.facebook.com\/Linslerhof\" \/>\n<meta property=\"article:modified_time\" content=\"2026-03-25T10:53:39+00:00\" \/>\n<meta name=\"twitter:card\" content=\"summary_large_image\" \/>\n<meta name=\"twitter:label1\" content=\"Dur\u00e9e de lecture estim\u00e9e\" \/>\n\t<meta name=\"twitter:data1\" content=\"1 minute\" \/>\n<script type=\"application\/ld+json\" class=\"yoast-schema-graph\">{\"@context\":\"https:\\\/\\\/schema.org\",\"@graph\":[{\"@type\":\"WebPage\",\"@id\":\"https:\\\/\\\/www.linslerhof.de\\\/fr\\\/mondes-dexperience\\\/nos-evenements\\\/\",\"url\":\"https:\\\/\\\/www.linslerhof.de\\\/fr\\\/mondes-dexperience\\\/nos-evenements\\\/\",\"name\":\"Manifestations au Linslerhof %%page% | Linslerhof\",\"isPartOf\":{\"@id\":\"https:\\\/\\\/www.linslerhof.de\\\/fr\\\/#website\"},\"datePublished\":\"2022-02-14T09:11:59+00:00\",\"dateModified\":\"2026-03-25T10:53:39+00:00\",\"description\":\"Vivez des \u00e9v\u00e9nements vari\u00e9s au Linslerhof ! Des d\u00eeners magiques, les r\u00eaves de jardin ou les journ\u00e9es ADAC Oldtimer vous attendent !\",\"breadcrumb\":{\"@id\":\"https:\\\/\\\/www.linslerhof.de\\\/fr\\\/mondes-dexperience\\\/nos-evenements\\\/#breadcrumb\"},\"inLanguage\":\"fr-FR\",\"potentialAction\":[{\"@type\":\"ReadAction\",\"target\":[\"https:\\\/\\\/www.linslerhof.de\\\/fr\\\/mondes-dexperience\\\/nos-evenements\\\/\"]}]},{\"@type\":\"BreadcrumbList\",\"@id\":\"https:\\\/\\\/www.linslerhof.de\\\/fr\\\/mondes-dexperience\\\/nos-evenements\\\/#breadcrumb\",\"itemListElement\":[{\"@type\":\"ListItem\",\"position\":1,\"name\":\"Startseite\",\"item\":\"https:\\\/\\\/www.linslerhof.de\\\/fr\\\/hotel-4-etoiles-en-sarre\\\/\"},{\"@type\":\"ListItem\",\"position\":2,\"name\":\"Mondes d&rsquo;exp\u00e9rience\",\"item\":\"https:\\\/\\\/www.linslerhof.de\\\/fr\\\/mondes-dexperience\\\/\"},{\"@type\":\"ListItem\",\"position\":3,\"name\":\"Nos \u00e9v\u00e9nements\"}]},{\"@type\":\"WebSite\",\"@id\":\"https:\\\/\\\/www.linslerhof.de\\\/fr\\\/#website\",\"url\":\"https:\\\/\\\/www.linslerhof.de\\\/fr\\\/\",\"name\":\"Linslerhof\",\"description\":\"Historischer Gutshof\",\"publisher\":{\"@id\":\"https:\\\/\\\/www.linslerhof.de\\\/fr\\\/#organization\"},\"potentialAction\":[{\"@type\":\"SearchAction\",\"target\":{\"@type\":\"EntryPoint\",\"urlTemplate\":\"https:\\\/\\\/www.linslerhof.de\\\/fr\\\/?s={search_term_string}\"},\"query-input\":{\"@type\":\"PropertyValueSpecification\",\"valueRequired\":true,\"valueName\":\"search_term_string\"}}],\"inLanguage\":\"fr-FR\"},{\"@type\":\"Organization\",\"@id\":\"https:\\\/\\\/www.linslerhof.de\\\/fr\\\/#organization\",\"name\":\"Linslerhof\",\"url\":\"https:\\\/\\\/www.linslerhof.de\\\/fr\\\/\",\"logo\":{\"@type\":\"ImageObject\",\"inLanguage\":\"fr-FR\",\"@id\":\"https:\\\/\\\/www.linslerhof.de\\\/fr\\\/#\\\/schema\\\/logo\\\/image\\\/\",\"url\":\"https:\\\/\\\/www.linslerhof.de\\\/wp-content\\\/uploads\\\/2020\\\/12\\\/Logo_2020.png\",\"contentUrl\":\"https:\\\/\\\/www.linslerhof.de\\\/wp-content\\\/uploads\\\/2020\\\/12\\\/Logo_2020.png\",\"width\":466,\"height\":300,\"caption\":\"Linslerhof\"},\"image\":{\"@id\":\"https:\\\/\\\/www.linslerhof.de\\\/fr\\\/#\\\/schema\\\/logo\\\/image\\\/\"},\"sameAs\":[\"https:\\\/\\\/www.facebook.com\\\/Linslerhof\",\"https:\\\/\\\/www.instagram.com\\\/linslerhof\\\/\"]}]}<\/script>\n<!-- \/ Yoast SEO plugin. -->","yoast_head_json":{"title":"Manifestations au Linslerhof %%page% | Linslerhof","description":"Vivez des \u00e9v\u00e9nements vari\u00e9s au Linslerhof ! Des d\u00eeners magiques, les r\u00eaves de jardin ou les journ\u00e9es ADAC Oldtimer vous attendent !","robots":{"index":"index","follow":"follow","max-snippet":"max-snippet:-1","max-image-preview":"max-image-preview:large","max-video-preview":"max-video-preview:-1"},"canonical":"https:\/\/www.linslerhof.de\/fr\/mondes-dexperience\/nos-evenements\/","og_locale":"fr_FR","og_type":"article","og_title":"Manifestations au Linslerhof %%page% | Linslerhof","og_description":"Vivez des \u00e9v\u00e9nements vari\u00e9s au Linslerhof ! Des d\u00eeners magiques, les r\u00eaves de jardin ou les journ\u00e9es ADAC Oldtimer vous attendent !","og_url":"https:\/\/www.linslerhof.de\/fr\/mondes-dexperience\/nos-evenements\/","og_site_name":"Linslerhof","article_publisher":"https:\/\/www.facebook.com\/Linslerhof","article_modified_time":"2026-03-25T10:53:39+00:00","twitter_card":"summary_large_image","twitter_misc":{"Dur\u00e9e de lecture estim\u00e9e":"1 minute"},"schema":{"@context":"https:\/\/schema.org","@graph":[{"@type":"WebPage","@id":"https:\/\/www.linslerhof.de\/fr\/mondes-dexperience\/nos-evenements\/","url":"https:\/\/www.linslerhof.de\/fr\/mondes-dexperience\/nos-evenements\/","name":"Manifestations au Linslerhof %%page% | Linslerhof","isPartOf":{"@id":"https:\/\/www.linslerhof.de\/fr\/#website"},"datePublished":"2022-02-14T09:11:59+00:00","dateModified":"2026-03-25T10:53:39+00:00","description":"Vivez des \u00e9v\u00e9nements vari\u00e9s au Linslerhof ! Des d\u00eeners magiques, les r\u00eaves de jardin ou les journ\u00e9es ADAC Oldtimer vous attendent !","breadcrumb":{"@id":"https:\/\/www.linslerhof.de\/fr\/mondes-dexperience\/nos-evenements\/#breadcrumb"},"inLanguage":"fr-FR","potentialAction":[{"@type":"ReadAction","target":["https:\/\/www.linslerhof.de\/fr\/mondes-dexperience\/nos-evenements\/"]}]},{"@type":"BreadcrumbList","@id":"https:\/\/www.linslerhof.de\/fr\/mondes-dexperience\/nos-evenements\/#breadcrumb","itemListElement":[{"@type":"ListItem","position":1,"name":"Startseite","item":"https:\/\/www.linslerhof.de\/fr\/hotel-4-etoiles-en-sarre\/"},{"@type":"ListItem","position":2,"name":"Mondes d&rsquo;exp\u00e9rience","item":"https:\/\/www.linslerhof.de\/fr\/mondes-dexperience\/"},{"@type":"ListItem","position":3,"name":"Nos \u00e9v\u00e9nements"}]},{"@type":"WebSite","@id":"https:\/\/www.linslerhof.de\/fr\/#website","url":"https:\/\/www.linslerhof.de\/fr\/","name":"Linslerhof","description":"Historischer Gutshof","publisher":{"@id":"https:\/\/www.linslerhof.de\/fr\/#organization"},"potentialAction":[{"@type":"SearchAction","target":{"@type":"EntryPoint","urlTemplate":"https:\/\/www.linslerhof.de\/fr\/?s={search_term_string}"},"query-input":{"@type":"PropertyValueSpecification","valueRequired":true,"valueName":"search_term_string"}}],"inLanguage":"fr-FR"},{"@type":"Organization","@id":"https:\/\/www.linslerhof.de\/fr\/#organization","name":"Linslerhof","url":"https:\/\/www.linslerhof.de\/fr\/","logo":{"@type":"ImageObject","inLanguage":"fr-FR","@id":"https:\/\/www.linslerhof.de\/fr\/#\/schema\/logo\/image\/","url":"https:\/\/www.linslerhof.de\/wp-content\/uploads\/2020\/12\/Logo_2020.png","contentUrl":"https:\/\/www.linslerhof.de\/wp-content\/uploads\/2020\/12\/Logo_2020.png","width":466,"height":300,"caption":"Linslerhof"},"image":{"@id":"https:\/\/www.linslerhof.de\/fr\/#\/schema\/logo\/image\/"},"sameAs":["https:\/\/www.facebook.com\/Linslerhof","https:\/\/www.instagram.com\/linslerhof\/"]}]}},"_links":{"self":[{"href":"https:\/\/www.linslerhof.de\/fr\/wp-json\/wp\/v2\/pages\/33595","targetHints":{"allow":["GET"]}}],"collection":[{"href":"https:\/\/www.linslerhof.de\/fr\/wp-json\/wp\/v2\/pages"}],"about":[{"href":"https:\/\/www.linslerhof.de\/fr\/wp-json\/wp\/v2\/types\/page"}],"author":[{"embeddable":true,"href":"https:\/\/www.linslerhof.de\/fr\/wp-json\/wp\/v2\/users\/3"}],"replies":[{"embeddable":true,"href":"https:\/\/www.linslerhof.de\/fr\/wp-json\/wp\/v2\/comments?post=33595"}],"version-history":[{"count":72,"href":"https:\/\/www.linslerhof.de\/fr\/wp-json\/wp\/v2\/pages\/33595\/revisions"}],"predecessor-version":[{"id":47679,"href":"https:\/\/www.linslerhof.de\/fr\/wp-json\/wp\/v2\/pages\/33595\/revisions\/47679"}],"up":[{"embeddable":true,"href":"https:\/\/www.linslerhof.de\/fr\/wp-json\/wp\/v2\/pages\/33328"}],"wp:attachment":[{"href":"https:\/\/www.linslerhof.de\/fr\/wp-json\/wp\/v2\/media?parent=33595"}],"curies":[{"name":"wp","href":"https:\/\/api.w.org\/{rel}","templated":true}]}}