{"id":42164,"date":"2025-01-27T11:09:40","date_gmt":"2025-01-27T10:09:40","guid":{"rendered":"https:\/\/www.linslerhof.de\/restaurant-en-sarre\/evenements-plaisir\/buffet-de-paques\/"},"modified":"2026-01-22T10:41:52","modified_gmt":"2026-01-22T09:41:52","slug":"buffet-de-paques","status":"publish","type":"page","link":"https:\/\/www.linslerhof.de\/fr\/restaurant-en-sarre\/evenements-plaisir\/buffet-de-paques\/","title":{"rendered":"Buffet de P\u00e2ques"},"content":{"rendered":"<section class=\"l-section wpb_row us_custom_8d4f5dab height_medium\"><div class=\"l-section-h i-cf\"><div class=\"g-cols vc_row via_flex valign_top type_boxes stacking_default\"><div class=\"vc_col-sm-12 wpb_column vc_column_container fs-page-header-area fs-landscape has_bg_color\"><div class=\"vc_column-inner us_custom_3edbc8d4\"><div class=\"wpb_wrapper\"><\/div><\/div><\/div><\/div><\/div><\/section><section class=\"l-section wpb_row us_custom_98b4ceb1 fs-section-reverse hide_on_mobiles height_medium\"><div class=\"l-section-h i-cf\"><div class=\"g-cols vc_row via_flex valign_top type_boxes stacking_default\" style=\"--additional-gap:10px;\"><div class=\"vc_col-sm-6 wpb_column vc_column_container has_bg_color\"><div class=\"vc_column-inner us_custom_94501421\"><div class=\"wpb_wrapper\"><div class=\"wpb_text_column us_custom_50cc7d67\"><div class=\"wpb_wrapper\"><h1><strong>Buffet de P\u00e2ques<\/strong><\/h1>\n<h3>Dimanche et lundi de P\u00e2ques, 05 &amp; 06 avril 2026<\/h3>\n<p style=\"text-align: left;\">De 12:00 \u00e0 14:30 heures &#8211; 54,90 \u20ac.<\/p>\n<\/div><\/div><div class=\" vc_custom_1769074900166 ubtn-ctn-left \"><a class=\"ubtn-link ult-adjust-bottom-margin ubtn-left ubtn-large \" href=\"https:\/\/www.linslerhof.de\/fr\/restaurant-en-sarre\/reservation-de-table\/\" title=\"reservation\" ><button type=\"button\" id=\"ubtn-6505\"  class=\"ubtn ult-adjust-bottom-margin ult-responsive ubtn-large ubtn-no-hover-bg  ulta-push  ubtn-left   tooltip-69f2b06957216\"  data-hover=\"\" data-border-color=\"\" data-bg=\"#ea5b0b\" data-hover-bg=\"\" data-border-hover=\"\" data-shadow-hover=\"\" data-shadow-click=\"none\" data-shadow=\"\" data-shd-shadow=\"\"  data-ultimate-target='#ubtn-6505'  data-responsive-json-new='{\"font-size\":\"desktop:20px;\",\"line-height\":\"desktop:18px;\"}'  style=\"font-family:&#039;Open Sans Condensed&#039;;font-weight:normal;font-style:normal;border:none;background: #ea5b0b;color: #ffffff;\"><span class=\"ubtn-hover\" style=\"background-color:\"><\/span><span class=\"ubtn-data ubtn-text \" >POUR R\u00c9SERVER UNE TABLE<\/span><\/button><\/a><\/div><div class=\"wpb_text_column us_custom_090aafef\"><div class=\"wpb_wrapper\"><p>Ou contactez-nous :<br \/>\n<strong><a href=\"tel:+49683680766\">+49 (0)6836 &#8211; 807-66<\/a><\/strong><br \/>\n<strong><a href=\"mailto:bankett@linslerhof.de\">bankett@linslerhof.de<\/a><\/strong><\/p>\n<\/div><\/div><div class=\"wpb_text_column us_custom_69561aa4\"><div class=\"wpb_wrapper\"><p><a href=\"https:\/\/www.linslerhof.de\/fr\/restaurant-en-sarre\/evenements-plaisir\/\"><span style=\"color: #d74808;\"><strong>&gt;&gt; RETOUR AUX \u00c9V\u00c9NEMENTS PLAISIR<\/strong><\/span><\/a><\/p>\n<\/div><\/div><\/div><\/div><\/div><div class=\"vc_col-sm-6 wpb_column vc_column_container  has_bg_color\"><div class=\"vc_column-inner us_custom_87010153 us_animate_this\"><div class=\"wpb_wrapper\"><div class=\"wpb_text_column us_custom_50cc7d67\"><div class=\"wpb_wrapper\"><h3>Buffet<\/h3>\n<p><strong>Entr\u00e9es<\/strong><br \/>\nSaumon fum\u00e9 | Salade de poivrons et de concombres | Cr\u00e8me au raifort et au wasabi<br \/>\nP\u00e2t\u00e9 de gibier \u00e0 la cr\u00e8me d&rsquo;airelles<br \/>\nVariation de l\u00e9gumes antipasti<br \/>\nTranches de rosbif marin\u00e9es \u00e0 froid | Baby Leaf | R\u00eave de r\u00e9mouladeSauce<br \/>\nMini-tartelettes cuites au four | Cottage cheese<br \/>\nTomate et mozzarella au pesto de basilic<br \/>\nCarpaccio de b\u0153uf | Pignons de pin | Grana Padano<br \/>\nDiverses salades de crudit\u00e9s<br \/>\nSalade de m\u00e2che avec vinaigrette au lard et vinaigrette au balsamique<\/p>\n<p><strong>Soupe<\/strong><br \/>\nSoupe cr\u00e8me de chou-fleur | Oignons grill\u00e9s | Huile aux fines herbes<\/p>\n<p><strong>Plat principal<\/strong><br \/>\nGoulache de gibier des for\u00eats locales | Jus de porto<br \/>\nPoitrine de poulet de ma\u00efs | Sauce au vin blanc et aux herbes<br \/>\nDuo de saumon Label Rouge et filet de dorade | Chili au safranSauce<br \/>\nGratin de pommes de terre<br \/>\nVariation de riz<br \/>\nBrocoli gratin\u00e9 | Herbes fra\u00eechement hach\u00e9es<br \/>\nL\u00e9gumes du march\u00e9 de Lisdorf | Chapelure au beurre<br \/>\nLasagnes v\u00e9g\u00e9tariennes<br \/>\nCurry de patates douces | Affin\u00e9 \u00e0 la noix de coco<\/p>\n<p><strong>Dessert<\/strong><br \/>\nMousse au chocolat noir<br \/>\nTartelettes au cheesecake | Gel\u00e9e de baies<br \/>\nPetits g\u00e2teaux au chocolat I Sauce vanille<br \/>\nDeux sortes de brownies<br \/>\nCr\u00e8me br\u00fbl\u00e9e<br \/>\nSalade de fruits<\/p>\n<\/div><\/div><\/div><\/div><\/div><\/div><\/div><\/section><section class=\"l-section wpb_row us_custom_98b4ceb1 fs-section-reverse hide_on_default hide_on_laptops hide_on_tablets height_medium\"><div class=\"l-section-h i-cf\"><div class=\"g-cols vc_row via_flex valign_middle type_boxes stacking_default\" style=\"--additional-gap:10px;\"><div class=\"vc_col-sm-12 wpb_column vc_column_container has_bg_color\"><div class=\"vc_column-inner us_custom_94501421\"><div class=\"wpb_wrapper\"><div class=\"wpb_text_column us_custom_50cc7d67\"><div class=\"wpb_wrapper\"><h1><strong>Buffet de P\u00e2ques<\/strong><\/h1>\n<h3>Dimanche et lundi de P\u00e2ques, 05 &amp; 06 avril 2026<\/h3>\n<p style=\"text-align: left;\">De 12:00 \u00e0 14:30 heures &#8211; 54,90 \u20ac.<\/p>\n<\/div><\/div><div class=\" vc_custom_1769074910023 ubtn-ctn-left \"><a class=\"ubtn-link ult-adjust-bottom-margin ubtn-left ubtn-large \" href=\"https:\/\/www.linslerhof.de\/fr\/restaurant-en-sarre\/reservation-de-table\/\" title=\"reservation\" ><button type=\"button\" id=\"ubtn-7324\"  class=\"ubtn ult-adjust-bottom-margin ult-responsive ubtn-large ubtn-no-hover-bg  ulta-push  ubtn-left   tooltip-69f2b06957bab\"  data-hover=\"\" data-border-color=\"\" data-bg=\"#ea5b0b\" data-hover-bg=\"\" data-border-hover=\"\" data-shadow-hover=\"\" data-shadow-click=\"none\" data-shadow=\"\" data-shd-shadow=\"\"  data-ultimate-target='#ubtn-7324'  data-responsive-json-new='{\"font-size\":\"desktop:20px;\",\"line-height\":\"desktop:18px;\"}'  style=\"font-family:&#039;Open Sans Condensed&#039;;font-weight:normal;font-style:normal;border:none;background: #ea5b0b;color: #ffffff;\"><span class=\"ubtn-hover\" style=\"background-color:\"><\/span><span class=\"ubtn-data ubtn-text \" >POUR R\u00c9SERVER UNE TABLE<\/span><\/button><\/a><\/div><div class=\"wpb_text_column us_custom_090aafef\"><div class=\"wpb_wrapper\"><p>Ou contactez-nous :<br \/>\n<strong><a href=\"tel:+49683680766\">+49 (0)6836 &#8211; 807-66<\/a><\/strong><br \/>\n<strong><a href=\"mailto:bankett@linslerhof.de\">bankett@linslerhof.de<\/a><\/strong><\/p>\n<\/div><\/div><div class=\"wpb_text_column us_custom_69561aa4\"><div class=\"wpb_wrapper\"><p><a href=\"https:\/\/www.linslerhof.de\/fr\/restaurant-en-sarre\/evenements-plaisir\/\"><span style=\"color: #d74808;\"><strong>&gt;&gt; RETOUR AUX \u00c9V\u00c9NEMENTS PLAISIR<\/strong><\/span><\/a><\/p>\n<\/div><\/div><div class=\"w-separator size_small with_line width_default thick_1 style_solid color_border align_center\"><div class=\"w-separator-h\"><\/div><\/div><div class=\"wpb_text_column us_custom_50cc7d67\"><div class=\"wpb_wrapper\"><h3>Buffet<\/h3>\n<p><strong>Entr\u00e9es<\/strong><br \/>\nSaumon fum\u00e9 | Salade de poivrons et de concombres | Cr\u00e8me au raifort et au wasabi<br \/>\nP\u00e2t\u00e9 de gibier \u00e0 la cr\u00e8me d&rsquo;airelles<br \/>\nVariation de l\u00e9gumes antipasti<br \/>\nTranches de rosbif marin\u00e9es \u00e0 froid | Baby Leaf | R\u00eave de r\u00e9mouladeSauce<br \/>\nMini-tartelettes cuites au four | Cottage cheese<br \/>\nTomate et mozzarella au pesto de basilic<br \/>\nCarpaccio de b\u0153uf | Pignons de pin | Grana Padano<br \/>\nDiverses salades de crudit\u00e9s<br \/>\nSalade de m\u00e2che avec vinaigrette au lard et vinaigrette au balsamique<\/p>\n<p><strong>Soupe<\/strong><br \/>\nSoupe cr\u00e8me de chou-fleur | Oignons grill\u00e9s | Huile aux fines herbes<\/p>\n<p><strong>Plat principal<\/strong><br \/>\nGoulache de gibier des for\u00eats locales | Jus de porto<br \/>\nPoitrine de poulet de ma\u00efs | Sauce au vin blanc et aux herbes<br \/>\nDuo de saumon Label Rouge et filet de dorade | Chili au safranSauce<br \/>\nGratin de pommes de terre<br \/>\nVariation de riz<br \/>\nBrocoli gratin\u00e9 | Herbes fra\u00eechement hach\u00e9es<br \/>\nL\u00e9gumes du march\u00e9 de Lisdorf | Chapelure au beurre<br \/>\nLasagnes v\u00e9g\u00e9tariennes<br \/>\nCurry de patates douces | Affin\u00e9 \u00e0 la noix de coco<\/p>\n<p><strong>Dessert<\/strong><br \/>\nMousse au chocolat noir<br \/>\nTartelettes au cheesecake | Gel\u00e9e de baies<br \/>\nPetits g\u00e2teaux au chocolat I Sauce vanille<br \/>\nDeux sortes de brownies<br \/>\nCr\u00e8me br\u00fbl\u00e9e<br \/>\nSalade de fruits<\/p>\n<\/div><\/div><\/div><\/div><\/div><\/div><\/div><\/section>\n","protected":false},"excerpt":{"rendered":"Buffet de P\u00e2ques Dimanche et lundi de P\u00e2ques, 05 &amp; 06 avril 2026 De 12:00 \u00e0 14:30 heures &#8211; 54,90 \u20ac. POUR R\u00c9SERVER UNE TABLEOu contactez-nous : +49 (0)6836 &#8211; 807-66 bankett@linslerhof.de &gt;&gt; RETOUR AUX \u00c9V\u00c9NEMENTS PLAISIR Buffet Entr\u00e9es Saumon fum\u00e9 | Salade de poivrons et de concombres | Cr\u00e8me au raifort et au wasabi...","protected":false},"author":3,"featured_media":0,"parent":33503,"menu_order":17,"comment_status":"closed","ping_status":"closed","template":"","meta":{"footnotes":""},"class_list":["post-42164","page","type-page","status-publish","hentry"],"yoast_head":"<!-- This site is optimized with the Yoast SEO plugin v27.5 - https:\/\/yoast.com\/product\/yoast-seo-wordpress\/ -->\n<title>Buffet de P\u00e2ques | Linslerhof<\/title>\n<meta name=\"description\" content=\"GRAND BUFFET DE D\u00c9JEUNER Tous les dimanches midi de 12h00 \u00e0 14h30 39,50 \u20ac par personne -&gt; Maintenant rOsterbuffetDimanche et lundi de P\u00e2ques, 20. &amp; 21 avril 202552,90 \u20acr\u00e9servez !\" \/>\n<meta name=\"robots\" content=\"index, follow, max-snippet:-1, max-image-preview:large, max-video-preview:-1\" \/>\n<link rel=\"canonical\" href=\"https:\/\/www.linslerhof.de\/fr\/restaurant-en-sarre\/evenements-plaisir\/buffet-de-paques\/\" \/>\n<meta property=\"og:locale\" content=\"fr_FR\" \/>\n<meta property=\"og:type\" content=\"article\" \/>\n<meta property=\"og:title\" content=\"Buffet de P\u00e2ques | Linslerhof\" \/>\n<meta property=\"og:description\" content=\"GRAND BUFFET DE D\u00c9JEUNER Tous les dimanches midi de 12h00 \u00e0 14h30 39,50 \u20ac par personne -&gt; Maintenant rOsterbuffetDimanche et lundi de P\u00e2ques, 20. &amp; 21 avril 202552,90 \u20acr\u00e9servez !\" \/>\n<meta property=\"og:url\" content=\"https:\/\/www.linslerhof.de\/fr\/restaurant-en-sarre\/evenements-plaisir\/buffet-de-paques\/\" \/>\n<meta property=\"og:site_name\" content=\"Linslerhof\" \/>\n<meta property=\"article:publisher\" content=\"https:\/\/www.facebook.com\/Linslerhof\" \/>\n<meta property=\"article:modified_time\" content=\"2026-01-22T09:41:52+00:00\" \/>\n<meta name=\"twitter:card\" content=\"summary_large_image\" \/>\n<meta name=\"twitter:label1\" content=\"Dur\u00e9e de lecture estim\u00e9e\" \/>\n\t<meta name=\"twitter:data1\" content=\"3 minutes\" \/>\n<script type=\"application\/ld+json\" class=\"yoast-schema-graph\">{\"@context\":\"https:\\\/\\\/schema.org\",\"@graph\":[{\"@type\":\"WebPage\",\"@id\":\"https:\\\/\\\/www.linslerhof.de\\\/fr\\\/restaurant-en-sarre\\\/evenements-plaisir\\\/buffet-de-paques\\\/\",\"url\":\"https:\\\/\\\/www.linslerhof.de\\\/fr\\\/restaurant-en-sarre\\\/evenements-plaisir\\\/buffet-de-paques\\\/\",\"name\":\"Buffet de P\u00e2ques | Linslerhof\",\"isPartOf\":{\"@id\":\"https:\\\/\\\/www.linslerhof.de\\\/fr\\\/#website\"},\"datePublished\":\"2025-01-27T10:09:40+00:00\",\"dateModified\":\"2026-01-22T09:41:52+00:00\",\"description\":\"GRAND BUFFET DE D\u00c9JEUNER Tous les dimanches midi de 12h00 \u00e0 14h30 39,50 \u20ac par personne -> Maintenant rOsterbuffetDimanche et lundi de P\u00e2ques, 20. & 21 avril 202552,90 \u20acr\u00e9servez !\",\"breadcrumb\":{\"@id\":\"https:\\\/\\\/www.linslerhof.de\\\/fr\\\/restaurant-en-sarre\\\/evenements-plaisir\\\/buffet-de-paques\\\/#breadcrumb\"},\"inLanguage\":\"fr-FR\",\"potentialAction\":[{\"@type\":\"ReadAction\",\"target\":[\"https:\\\/\\\/www.linslerhof.de\\\/fr\\\/restaurant-en-sarre\\\/evenements-plaisir\\\/buffet-de-paques\\\/\"]}]},{\"@type\":\"BreadcrumbList\",\"@id\":\"https:\\\/\\\/www.linslerhof.de\\\/fr\\\/restaurant-en-sarre\\\/evenements-plaisir\\\/buffet-de-paques\\\/#breadcrumb\",\"itemListElement\":[{\"@type\":\"ListItem\",\"position\":1,\"name\":\"Startseite\",\"item\":\"https:\\\/\\\/www.linslerhof.de\\\/fr\\\/hotel-4-etoiles-en-sarre\\\/\"},{\"@type\":\"ListItem\",\"position\":2,\"name\":\"Restaurant en Sarre\",\"item\":\"https:\\\/\\\/www.linslerhof.de\\\/fr\\\/restaurant-en-sarre\\\/\"},{\"@type\":\"ListItem\",\"position\":3,\"name\":\"\u00c9v\u00e9nements plaisir\",\"item\":\"https:\\\/\\\/www.linslerhof.de\\\/fr\\\/restaurant-en-sarre\\\/evenements-plaisir\\\/\"},{\"@type\":\"ListItem\",\"position\":4,\"name\":\"Buffet de P\u00e2ques\"}]},{\"@type\":\"WebSite\",\"@id\":\"https:\\\/\\\/www.linslerhof.de\\\/fr\\\/#website\",\"url\":\"https:\\\/\\\/www.linslerhof.de\\\/fr\\\/\",\"name\":\"Linslerhof\",\"description\":\"Historischer Gutshof\",\"publisher\":{\"@id\":\"https:\\\/\\\/www.linslerhof.de\\\/fr\\\/#organization\"},\"potentialAction\":[{\"@type\":\"SearchAction\",\"target\":{\"@type\":\"EntryPoint\",\"urlTemplate\":\"https:\\\/\\\/www.linslerhof.de\\\/fr\\\/?s={search_term_string}\"},\"query-input\":{\"@type\":\"PropertyValueSpecification\",\"valueRequired\":true,\"valueName\":\"search_term_string\"}}],\"inLanguage\":\"fr-FR\"},{\"@type\":\"Organization\",\"@id\":\"https:\\\/\\\/www.linslerhof.de\\\/fr\\\/#organization\",\"name\":\"Linslerhof\",\"url\":\"https:\\\/\\\/www.linslerhof.de\\\/fr\\\/\",\"logo\":{\"@type\":\"ImageObject\",\"inLanguage\":\"fr-FR\",\"@id\":\"https:\\\/\\\/www.linslerhof.de\\\/fr\\\/#\\\/schema\\\/logo\\\/image\\\/\",\"url\":\"https:\\\/\\\/www.linslerhof.de\\\/wp-content\\\/uploads\\\/2020\\\/12\\\/Logo_2020.png\",\"contentUrl\":\"https:\\\/\\\/www.linslerhof.de\\\/wp-content\\\/uploads\\\/2020\\\/12\\\/Logo_2020.png\",\"width\":466,\"height\":300,\"caption\":\"Linslerhof\"},\"image\":{\"@id\":\"https:\\\/\\\/www.linslerhof.de\\\/fr\\\/#\\\/schema\\\/logo\\\/image\\\/\"},\"sameAs\":[\"https:\\\/\\\/www.facebook.com\\\/Linslerhof\",\"https:\\\/\\\/www.instagram.com\\\/linslerhof\\\/\"]}]}<\/script>\n<!-- \/ Yoast SEO plugin. -->","yoast_head_json":{"title":"Buffet de P\u00e2ques | Linslerhof","description":"GRAND BUFFET DE D\u00c9JEUNER Tous les dimanches midi de 12h00 \u00e0 14h30 39,50 \u20ac par personne -> Maintenant rOsterbuffetDimanche et lundi de P\u00e2ques, 20. & 21 avril 202552,90 \u20acr\u00e9servez !","robots":{"index":"index","follow":"follow","max-snippet":"max-snippet:-1","max-image-preview":"max-image-preview:large","max-video-preview":"max-video-preview:-1"},"canonical":"https:\/\/www.linslerhof.de\/fr\/restaurant-en-sarre\/evenements-plaisir\/buffet-de-paques\/","og_locale":"fr_FR","og_type":"article","og_title":"Buffet de P\u00e2ques | Linslerhof","og_description":"GRAND BUFFET DE D\u00c9JEUNER Tous les dimanches midi de 12h00 \u00e0 14h30 39,50 \u20ac par personne -> Maintenant rOsterbuffetDimanche et lundi de P\u00e2ques, 20. & 21 avril 202552,90 \u20acr\u00e9servez !","og_url":"https:\/\/www.linslerhof.de\/fr\/restaurant-en-sarre\/evenements-plaisir\/buffet-de-paques\/","og_site_name":"Linslerhof","article_publisher":"https:\/\/www.facebook.com\/Linslerhof","article_modified_time":"2026-01-22T09:41:52+00:00","twitter_card":"summary_large_image","twitter_misc":{"Dur\u00e9e de lecture estim\u00e9e":"3 minutes"},"schema":{"@context":"https:\/\/schema.org","@graph":[{"@type":"WebPage","@id":"https:\/\/www.linslerhof.de\/fr\/restaurant-en-sarre\/evenements-plaisir\/buffet-de-paques\/","url":"https:\/\/www.linslerhof.de\/fr\/restaurant-en-sarre\/evenements-plaisir\/buffet-de-paques\/","name":"Buffet de P\u00e2ques | Linslerhof","isPartOf":{"@id":"https:\/\/www.linslerhof.de\/fr\/#website"},"datePublished":"2025-01-27T10:09:40+00:00","dateModified":"2026-01-22T09:41:52+00:00","description":"GRAND BUFFET DE D\u00c9JEUNER Tous les dimanches midi de 12h00 \u00e0 14h30 39,50 \u20ac par personne -> Maintenant rOsterbuffetDimanche et lundi de P\u00e2ques, 20. & 21 avril 202552,90 \u20acr\u00e9servez !","breadcrumb":{"@id":"https:\/\/www.linslerhof.de\/fr\/restaurant-en-sarre\/evenements-plaisir\/buffet-de-paques\/#breadcrumb"},"inLanguage":"fr-FR","potentialAction":[{"@type":"ReadAction","target":["https:\/\/www.linslerhof.de\/fr\/restaurant-en-sarre\/evenements-plaisir\/buffet-de-paques\/"]}]},{"@type":"BreadcrumbList","@id":"https:\/\/www.linslerhof.de\/fr\/restaurant-en-sarre\/evenements-plaisir\/buffet-de-paques\/#breadcrumb","itemListElement":[{"@type":"ListItem","position":1,"name":"Startseite","item":"https:\/\/www.linslerhof.de\/fr\/hotel-4-etoiles-en-sarre\/"},{"@type":"ListItem","position":2,"name":"Restaurant en Sarre","item":"https:\/\/www.linslerhof.de\/fr\/restaurant-en-sarre\/"},{"@type":"ListItem","position":3,"name":"\u00c9v\u00e9nements plaisir","item":"https:\/\/www.linslerhof.de\/fr\/restaurant-en-sarre\/evenements-plaisir\/"},{"@type":"ListItem","position":4,"name":"Buffet de P\u00e2ques"}]},{"@type":"WebSite","@id":"https:\/\/www.linslerhof.de\/fr\/#website","url":"https:\/\/www.linslerhof.de\/fr\/","name":"Linslerhof","description":"Historischer Gutshof","publisher":{"@id":"https:\/\/www.linslerhof.de\/fr\/#organization"},"potentialAction":[{"@type":"SearchAction","target":{"@type":"EntryPoint","urlTemplate":"https:\/\/www.linslerhof.de\/fr\/?s={search_term_string}"},"query-input":{"@type":"PropertyValueSpecification","valueRequired":true,"valueName":"search_term_string"}}],"inLanguage":"fr-FR"},{"@type":"Organization","@id":"https:\/\/www.linslerhof.de\/fr\/#organization","name":"Linslerhof","url":"https:\/\/www.linslerhof.de\/fr\/","logo":{"@type":"ImageObject","inLanguage":"fr-FR","@id":"https:\/\/www.linslerhof.de\/fr\/#\/schema\/logo\/image\/","url":"https:\/\/www.linslerhof.de\/wp-content\/uploads\/2020\/12\/Logo_2020.png","contentUrl":"https:\/\/www.linslerhof.de\/wp-content\/uploads\/2020\/12\/Logo_2020.png","width":466,"height":300,"caption":"Linslerhof"},"image":{"@id":"https:\/\/www.linslerhof.de\/fr\/#\/schema\/logo\/image\/"},"sameAs":["https:\/\/www.facebook.com\/Linslerhof","https:\/\/www.instagram.com\/linslerhof\/"]}]}},"_links":{"self":[{"href":"https:\/\/www.linslerhof.de\/fr\/wp-json\/wp\/v2\/pages\/42164","targetHints":{"allow":["GET"]}}],"collection":[{"href":"https:\/\/www.linslerhof.de\/fr\/wp-json\/wp\/v2\/pages"}],"about":[{"href":"https:\/\/www.linslerhof.de\/fr\/wp-json\/wp\/v2\/types\/page"}],"author":[{"embeddable":true,"href":"https:\/\/www.linslerhof.de\/fr\/wp-json\/wp\/v2\/users\/3"}],"replies":[{"embeddable":true,"href":"https:\/\/www.linslerhof.de\/fr\/wp-json\/wp\/v2\/comments?post=42164"}],"version-history":[{"count":11,"href":"https:\/\/www.linslerhof.de\/fr\/wp-json\/wp\/v2\/pages\/42164\/revisions"}],"predecessor-version":[{"id":47182,"href":"https:\/\/www.linslerhof.de\/fr\/wp-json\/wp\/v2\/pages\/42164\/revisions\/47182"}],"up":[{"embeddable":true,"href":"https:\/\/www.linslerhof.de\/fr\/wp-json\/wp\/v2\/pages\/33503"}],"wp:attachment":[{"href":"https:\/\/www.linslerhof.de\/fr\/wp-json\/wp\/v2\/media?parent=42164"}],"curies":[{"name":"wp","href":"https:\/\/api.w.org\/{rel}","templated":true}]}}